{"id":10349,"date":"2023-08-30T00:41:30","date_gmt":"2023-08-30T00:41:30","guid":{"rendered":"https:\/\/amechfilms.com\/?page_id=10349"},"modified":"2023-08-30T00:41:31","modified_gmt":"2023-08-30T00:41:31","slug":"mariana-cabanas","status":"publish","type":"page","link":"https:\/\/amechfilms.com\/en\/mariana-cabanas\/","title":{"rendered":"Mariana Caba\u00f1as"},"content":{"rendered":"<p> <\/p>\n\n\n\n<div style=\"height:61px\" aria-hidden=\"true\" class=\"wp-block-spacer\"><\/div>\n\n\n\n<div class=\"wp-block-media-text alignwide is-stacked-on-mobile\" style=\"grid-template-columns:19% auto\"><figure class=\"wp-block-media-text__media\"><img loading=\"lazy\" decoding=\"async\" width=\"768\" height=\"1024\" src=\"https:\/\/amechfilms.com\/wp-content\/uploads\/2021\/12\/DSC06442-768x1024.jpg\" alt=\"\" class=\"wp-image-8675 size-full\" srcset=\"https:\/\/amechfilms.com\/wp-content\/uploads\/2021\/12\/DSC06442-768x1024.jpg 768w, https:\/\/amechfilms.com\/wp-content\/uploads\/2021\/12\/DSC06442-225x300.jpg 225w, https:\/\/amechfilms.com\/wp-content\/uploads\/2021\/12\/DSC06442-1152x1536.jpg 1152w, https:\/\/amechfilms.com\/wp-content\/uploads\/2021\/12\/DSC06442-1536x2048.jpg 1536w, https:\/\/amechfilms.com\/wp-content\/uploads\/2021\/12\/DSC06442-scaled.jpg 1920w\" sizes=\"(max-width: 768px) 100vw, 768px\" \/><\/figure><div class=\"wp-block-media-text__content\">\n<p style=\"font-size:23px\">Reci\u00e9n egresada de la licenciatura en Cine en la Universidad de la Comunicaci\u00f3n.\u00a0 Actualmente colabora como asistente de producci\u00f3n y distribuci\u00f3n en Mandarina Cine.\u00a0<\/p>\n\n\n\n<p style=\"font-size:23px\">Ha participado en distintos cortometrajes estudiantiles, videos corporativos, comerciales y videoclips musicales desempe\u00f1ando papeles principalmente como Primer Asistente de Direcci\u00f3n y Productora. Recientemente se encuentra laborando en largometrajes con el rol de Asistente de Coordinaci\u00f3n en Producci\u00f3n (APOC).<\/p>\n<\/div><\/div>\n\n\n\n<div class=\"wp-block-columns alignwide has-6-columns is-layout-flex wp-container-core-columns-is-layout-1 wp-block-columns-is-layout-flex\">\n<div class=\"wp-block-column is-layout-flow wp-block-column-is-layout-flow\">\n<p><\/p>\n<\/div>\n\n\n\n<div class=\"wp-block-column is-layout-flow wp-block-column-is-layout-flow\">\n<p><\/p>\n<\/div>\n\n\n\n<div class=\"wp-block-column is-layout-flow wp-block-column-is-layout-flow\">\n<p><\/p>\n<\/div>\n\n\n\n<div class=\"wp-block-column is-layout-flow wp-block-column-is-layout-flow\">\n<a class=\"parallax-element\" href=\"https:\/\/www.instagram.com\/marianacs.ac\" target=\"_blank\" style=\"transform: matrix(1, 0, 0, 1, 0, 0);\" rel=\"noopener noreferrer\"><div class=\"clapat-icon\"><i class=\"fa fa-instagram\" aria-hidden=\"true\"><\/i><\/div><h6>Instagram<\/h6><\/a>@marianacs.ac\n<\/div>\n\n\n\n<div class=\"wp-block-column is-layout-flow wp-block-column-is-layout-flow\">\n<div class=\"clapat-icon\"><i class=\"fa fa-paper-plane fa-2x\" aria-hidden=\"true\"><\/i><\/div><h6>mariana@amechfilms.com<\/h6>E-mail\n<\/div>\n\n\n\n<div class=\"wp-block-column is-layout-flow wp-block-column-is-layout-flow\">\n<div class=\"clapat-icon\"><i class=\"fa fa fa-phone fa-2x\" aria-hidden=\"true\"><\/i><\/div><h6>(55) 4381 4201<\/h6>Phone number\n<\/div>\n<\/div>\n\n\n\n<h2 class=\"has-text-align-center wp-block-heading\">REEL<\/h2>\n\n\n\n<div class=\"wp-block-columns is-layout-flex wp-container-core-columns-is-layout-2 wp-block-columns-is-layout-flex\">\n<div class=\"wp-block-column is-layout-flow wp-block-column-is-layout-flow\"><\/div>\n\n\n\n<div class=\"wp-block-column is-layout-flow wp-block-column-is-layout-flow\">\n<figure class=\"wp-block-embed aligncenter is-type-video is-provider-youtube wp-block-embed-youtube wp-embed-aspect-16-9 wp-has-aspect-ratio\"><div class=\"wp-block-embed__wrapper\">\n<iframe loading=\"lazy\" title=\"Patricio Oseguera Reel 2023\" width=\"500\" height=\"281\" src=\"https:\/\/www.youtube.com\/embed\/JMLjwPSPv7U?feature=oembed\" frameborder=\"0\" allow=\"accelerometer; autoplay; clipboard-write; encrypted-media; gyroscope; picture-in-picture; web-share\" referrerpolicy=\"strict-origin-when-cross-origin\" allowfullscreen><\/iframe>\n<\/div><\/figure>\n<\/div>\n\n\n\n<div class=\"wp-block-column is-layout-flow wp-block-column-is-layout-flow\"><\/div>\n<\/div>","protected":false},"excerpt":{"rendered":"<p>Reci\u00e9n egresada de la licenciatura en Cine en la Universidad de la Comunicaci\u00f3n.\u00a0 Actualmente colabora como asistente de producci\u00f3n y distribuci\u00f3n en Mandarina Cine.\u00a0 Ha participado en distintos cortometrajes estudiantiles, videos corporativos, comerciales y videoclips musicales desempe\u00f1ando papeles principalmente como Primer Asistente de Direcci\u00f3n y Productora. Recientemente se encuentra laborando en largometrajes con el rol [&hellip;]<\/p>","protected":false},"author":2,"featured_media":0,"parent":0,"menu_order":15,"comment_status":"closed","ping_status":"closed","template":"portfolio-mixed-page.php","meta":{"footnotes":""},"_links":{"self":[{"href":"https:\/\/amechfilms.com\/en\/wp-json\/wp\/v2\/pages\/10349"}],"collection":[{"href":"https:\/\/amechfilms.com\/en\/wp-json\/wp\/v2\/pages"}],"about":[{"href":"https:\/\/amechfilms.com\/en\/wp-json\/wp\/v2\/types\/page"}],"author":[{"embeddable":true,"href":"https:\/\/amechfilms.com\/en\/wp-json\/wp\/v2\/users\/2"}],"replies":[{"embeddable":true,"href":"https:\/\/amechfilms.com\/en\/wp-json\/wp\/v2\/comments?post=10349"}],"version-history":[{"count":0,"href":"https:\/\/amechfilms.com\/en\/wp-json\/wp\/v2\/pages\/10349\/revisions"}],"wp:attachment":[{"href":"https:\/\/amechfilms.com\/en\/wp-json\/wp\/v2\/media?parent=10349"}],"curies":[{"name":"wp","href":"https:\/\/api.w.org\/{rel}","templated":true}]}}